{"id":670,"date":"2023-01-31T00:44:09","date_gmt":"2023-01-31T00:44:09","guid":{"rendered":"https:\/\/dim314.apm.pt\/?page_id=670"},"modified":"2024-06-11T11:39:01","modified_gmt":"2024-06-11T10:39:01","slug":"1-ociclo-abc-escolar","status":"publish","type":"page","link":"https:\/\/dim314.apm.pt\/?page_id=670","title":{"rendered":"1.\u00baCiclo &#8211; abc\/escolar"},"content":{"rendered":"\n<p class=\"has-text-align-right has-small-font-size\">. <\/p>\n\n\n\n<p class=\"has-large-font-size\"><strong>RESULTADOS E<\/strong> <strong>PR\u00c9MIOS 1.\u00ba CICLO<\/strong><\/p>\n\n\n\n<p class=\"has-text-align-right has-small-font-size\">.<\/p>\n\n\n\n<p class=\"has-medium-font-size\"><strong>RESULTADOS DA FASE NACIONAL<\/strong><\/p>\n\n\n\n<p>No dia 8 de julho, na Cerim\u00f3nia de Entrega dos Pr\u00e9mios Nacionais do DIM, durante o ProfMat 2023, que decorreu em Barcelos, foram anunciados os vencedores do concurso para alunos e do concurso para escolas, sendo entregues os respetivos pr\u00e9mios aos alunos e professores dos tr\u00eas primeiros classificados de cada categoria e modalidade.<\/p>\n\n\n\n<p>Durante o ProfMat2023 esteve em exibi\u00e7\u00e3o a exposi\u00e7\u00e3o digital de todos os trabalhos finalistas, quer do concurso para alunos quer do concurso para escolas, atrav\u00e9s de dois smartboards colocados na Alameda da Tecnologia.<\/p>\n\n\n\n<p>Poder\u00e1 tomar conhecimento dos vencedores, 1.\u00ba, 2.\u00ba e 3.\u00ba classificados, da categoria 1.\u00ba Ciclo do Ensino B\u00e1sico e nas respetivas modalidades, clique nos textos abaixo:<\/p>\n\n\n\n<p class=\"has-text-align-center\">1.\u00baCICLO | ANAL\u00d3GICO &#8230;&#8230;&#8230;&#8230;&#8230;&#8230;&#8230;&#8230;&#8230;&#8230;&#8230;&#8230;&#8230; 1.\u00baCICLO | DIGITAL <\/p>\n\n\n\n<p class=\"has-medium-font-size\"><strong>RESULTADOS DA FASE REGIONAL<\/strong><\/p>\n\n\n\n<p>Consulte, nas hiperliga\u00e7\u00f5es seguintes, os<strong> Resultados da Fase Regional<\/strong> da categoria <strong>1.\u00baCICLO DO ENSINO B\u00c1SICO<\/strong>: ANAL\u00d3GICO &#8211; DIGITAL<\/p>\n\n\n\n<p class=\"has-text-align-right has-small-font-size\">.<\/p>\n\n\n\n<p class=\"has-medium-font-size\"><strong>PR\u00c9MIOS<\/strong><\/p>\n\n\n\n<p>Os pr\u00e9mios indicados s\u00e3o atribu\u00eddos&nbsp;<strong>um por cada crian\u00e7a\/aluno<\/strong>&nbsp;que elaborou o trabalho premiado, isto \u00e9, se o trabalho foi realizado por dois alunos, cada aluno receber\u00e1 um pr\u00e9mio definido abaixo.<\/p>\n\n\n\n<p>Os pr\u00e9mios nacionais da categoria 1.\u00ba ciclo s\u00e3o oferecidos pela: <\/p>\n\n\n<div class=\"wp-block-image\">\n<figure class=\"aligncenter size-large is-resized\"><a href=\"https:\/\/abcescolar.pt\/\" target=\"_blank\" rel=\"noreferrer noopener\"><img loading=\"lazy\" decoding=\"async\" width=\"1024\" height=\"634\" src=\"https:\/\/dim314.apm.pt\/wp-content\/uploads\/2023\/06\/logo-abc-escolar-sem-branco-1024x634.png\" alt=\"\" class=\"wp-image-1166\" style=\"width:661px;height:407px\" srcset=\"https:\/\/dim314.apm.pt\/wp-content\/uploads\/2023\/06\/logo-abc-escolar-sem-branco-1024x634.png 1024w, https:\/\/dim314.apm.pt\/wp-content\/uploads\/2023\/06\/logo-abc-escolar-sem-branco-300x186.png 300w, https:\/\/dim314.apm.pt\/wp-content\/uploads\/2023\/06\/logo-abc-escolar-sem-branco-768x476.png 768w, https:\/\/dim314.apm.pt\/wp-content\/uploads\/2023\/06\/logo-abc-escolar-sem-branco.png 1356w\" sizes=\"auto, (max-width: 1024px) 100vw, 1024px\" \/><\/a><\/figure>\n<\/div>\n\n<div class=\"wp-block-image\">\n<figure class=\"aligncenter size-large is-resized\"><img loading=\"lazy\" decoding=\"async\" width=\"1024\" height=\"143\" src=\"https:\/\/dim314.apm.pt\/wp-content\/uploads\/2023\/01\/slogan-1024x143.png\" alt=\"\" class=\"wp-image-648\" style=\"width:823px;height:115px\" srcset=\"https:\/\/dim314.apm.pt\/wp-content\/uploads\/2023\/01\/slogan-1024x143.png 1024w, https:\/\/dim314.apm.pt\/wp-content\/uploads\/2023\/01\/slogan-300x42.png 300w, https:\/\/dim314.apm.pt\/wp-content\/uploads\/2023\/01\/slogan-768x107.png 768w, https:\/\/dim314.apm.pt\/wp-content\/uploads\/2023\/01\/slogan.png 1221w\" sizes=\"auto, (max-width: 1024px) 100vw, 1024px\" \/><\/figure>\n<\/div>\n\n\n<p class=\"has-medium-font-size\"><strong>FASE NACIONAL<\/strong><\/p>\n\n\n\n<div class=\"wp-block-columns is-layout-flex wp-container-core-columns-is-layout-9d6595d7 wp-block-columns-is-layout-flex\">\n<div class=\"wp-block-column is-vertically-aligned-center is-layout-flow wp-block-column-is-layout-flow\" style=\"flex-basis:33.33%\">\n<p class=\"has-text-align-center has-medium-font-size\">&#8211; <strong>1.\u00ba <strong>CLASSIFICADO<\/strong><\/strong> &#8211;<\/p>\n\n\n\n<p class=\"has-text-align-center\"><strong>Bubble &#8211; O rob\u00f4 que desenha.<\/strong><\/p>\n<\/div>\n\n\n\n<div class=\"wp-block-column is-layout-flow wp-block-column-is-layout-flow\" style=\"flex-basis:66.66%\">\n<figure class=\"wp-block-image size-full is-resized\"><img loading=\"lazy\" decoding=\"async\" width=\"382\" height=\"159\" src=\"https:\/\/dim314.apm.pt\/wp-content\/uploads\/2023\/01\/1PREMIO_1CICLO.png\" alt=\"\" class=\"wp-image-672\" style=\"width:558px;height:232px\" srcset=\"https:\/\/dim314.apm.pt\/wp-content\/uploads\/2023\/01\/1PREMIO_1CICLO.png 382w, https:\/\/dim314.apm.pt\/wp-content\/uploads\/2023\/01\/1PREMIO_1CICLO-300x125.png 300w\" sizes=\"auto, (max-width: 382px) 100vw, 382px\" \/><\/figure>\n<\/div>\n<\/div>\n\n\n\n<p>.<\/p>\n\n\n\n<div class=\"wp-block-columns is-layout-flex wp-container-core-columns-is-layout-9d6595d7 wp-block-columns-is-layout-flex\">\n<div class=\"wp-block-column is-vertically-aligned-center is-layout-flow wp-block-column-is-layout-flow\" style=\"flex-basis:33.33%\">\n<p class=\"has-text-align-center\">&#8211; <strong>2.\u00ba <strong>CLASSIFICADO<\/strong><\/strong> <strong>&#8211;<\/strong><\/p>\n\n\n\n<p class=\"has-text-align-center\"><strong><strong>Rob\u00f4 Super Mio<\/strong><\/strong><\/p>\n<\/div>\n\n\n\n<div class=\"wp-block-column is-layout-flow wp-block-column-is-layout-flow\" style=\"flex-basis:66.66%\">\n<figure class=\"wp-block-image size-full is-resized\"><img loading=\"lazy\" decoding=\"async\" width=\"405\" height=\"228\" src=\"https:\/\/dim314.apm.pt\/wp-content\/uploads\/2023\/01\/2PREMIO_1CICLO.png\" alt=\"\" class=\"wp-image-673\" style=\"width:503px;height:283px\" srcset=\"https:\/\/dim314.apm.pt\/wp-content\/uploads\/2023\/01\/2PREMIO_1CICLO.png 405w, https:\/\/dim314.apm.pt\/wp-content\/uploads\/2023\/01\/2PREMIO_1CICLO-300x169.png 300w\" sizes=\"auto, (max-width: 405px) 100vw, 405px\" \/><\/figure>\n<\/div>\n<\/div>\n\n\n\n<p>.<\/p>\n\n\n\n<div class=\"wp-block-columns is-layout-flex wp-container-core-columns-is-layout-9d6595d7 wp-block-columns-is-layout-flex\">\n<div class=\"wp-block-column is-vertically-aligned-center is-layout-flow wp-block-column-is-layout-flow\" style=\"flex-basis:33.33%\">\n<p class=\"has-text-align-center\"><strong>&#8211; 3.\u00ba <strong>CLASSIFICADO<\/strong> &#8211;<\/strong><\/p>\n\n\n\n<p class=\"has-text-align-center\"><strong>RollingBot<\/strong> ou <strong>SnakeBot<\/strong><\/p>\n<\/div>\n\n\n\n<div class=\"wp-block-column is-layout-flow wp-block-column-is-layout-flow\" style=\"flex-basis:66.66%\">\n<figure class=\"wp-block-image size-full\"><img loading=\"lazy\" decoding=\"async\" width=\"944\" height=\"540\" src=\"https:\/\/dim314.apm.pt\/wp-content\/uploads\/2023\/03\/Premios_RollingBot_SnakeBot.png\" alt=\"\" class=\"wp-image-1001\" srcset=\"https:\/\/dim314.apm.pt\/wp-content\/uploads\/2023\/03\/Premios_RollingBot_SnakeBot.png 944w, https:\/\/dim314.apm.pt\/wp-content\/uploads\/2023\/03\/Premios_RollingBot_SnakeBot-300x172.png 300w, https:\/\/dim314.apm.pt\/wp-content\/uploads\/2023\/03\/Premios_RollingBot_SnakeBot-768x439.png 768w\" sizes=\"auto, (max-width: 944px) 100vw, 944px\" \/><\/figure>\n<\/div>\n<\/div>\n\n\n\n<p>.<\/p>\n\n\n\n<p class=\"has-medium-font-size\"><strong>FASE REGIONAL<\/strong><\/p>\n\n\n\n<p>Os pr\u00e9mios a atribuir a todos os finalistas das fases regionais s\u00e3o oferecidos pelas empresas:<\/p>\n\n\n\n<div class=\"wp-block-columns is-layout-flex wp-container-core-columns-is-layout-9d6595d7 wp-block-columns-is-layout-flex\">\n<div class=\"wp-block-column is-layout-flow wp-block-column-is-layout-flow\"><div class=\"wp-block-image\">\n<figure class=\"aligncenter size-full is-resized\"><a href=\"https:\/\/www.casio-calculadoras.com\/\" target=\"_blank\" rel=\"noreferrer noopener\"><img loading=\"lazy\" decoding=\"async\" width=\"504\" height=\"91\" src=\"https:\/\/dim314.apm.pt\/wp-content\/uploads\/2023\/01\/Casio_4c_without_back_lowres.gif\" alt=\"\" class=\"wp-image-689\" style=\"width:393px;height:71px\"\/><\/a><\/figure>\n<\/div><\/div>\n\n\n\n<div class=\"wp-block-column is-layout-flow wp-block-column-is-layout-flow\">\n<figure class=\"wp-block-image size-full is-resized\"><a href=\"https:\/\/education.ti.com\/pt\" target=\"_blank\" rel=\"noreferrer noopener\"><img loading=\"lazy\" decoding=\"async\" width=\"475\" height=\"125\" src=\"https:\/\/dim314.apm.pt\/wp-content\/uploads\/2023\/01\/ti.png\" alt=\"\" class=\"wp-image-691\" style=\"width:445px;height:117px\" srcset=\"https:\/\/dim314.apm.pt\/wp-content\/uploads\/2023\/01\/ti.png 475w, https:\/\/dim314.apm.pt\/wp-content\/uploads\/2023\/01\/ti-300x79.png 300w\" sizes=\"auto, (max-width: 475px) 100vw, 475px\" \/><\/a><\/figure>\n<\/div>\n<\/div>\n\n\n\n<div class=\"wp-block-columns is-layout-flex wp-container-core-columns-is-layout-9d6595d7 wp-block-columns-is-layout-flex\">\n<div class=\"wp-block-column is-layout-flow wp-block-column-is-layout-flow\">\n<p><strong>Modalidade ANAL\u00d3GICA<\/strong><\/p>\n\n\n<div class=\"wp-block-image\">\n<figure class=\"aligncenter size-full\"><img loading=\"lazy\" decoding=\"async\" width=\"408\" height=\"390\" src=\"https:\/\/dim314.apm.pt\/wp-content\/uploads\/2023\/01\/PETITE-fx.png\" alt=\"\" class=\"wp-image-692\" srcset=\"https:\/\/dim314.apm.pt\/wp-content\/uploads\/2023\/01\/PETITE-fx.png 408w, https:\/\/dim314.apm.pt\/wp-content\/uploads\/2023\/01\/PETITE-fx-300x287.png 300w\" sizes=\"auto, (max-width: 408px) 100vw, 408px\" \/><figcaption class=\"wp-element-caption\">CASIO BOLSO &#8211; LC401LVPK \u2013 Petite fx<\/figcaption><\/figure>\n<\/div><\/div>\n\n\n\n<div class=\"wp-block-column is-layout-flow wp-block-column-is-layout-flow\">\n<p><strong>Modalidade DIGITAL<\/strong><\/p>\n\n\n<div class=\"wp-block-image\">\n<figure class=\"aligncenter size-full is-resized\"><img loading=\"lazy\" decoding=\"async\" width=\"258\" height=\"400\" src=\"https:\/\/dim314.apm.pt\/wp-content\/uploads\/2023\/01\/ti-106-II.png\" alt=\"\" class=\"wp-image-693\" style=\"width:255px;height:395px\" srcset=\"https:\/\/dim314.apm.pt\/wp-content\/uploads\/2023\/01\/ti-106-II.png 258w, https:\/\/dim314.apm.pt\/wp-content\/uploads\/2023\/01\/ti-106-II-194x300.png 194w\" sizes=\"auto, (max-width: 258px) 100vw, 258px\" \/><figcaption class=\"wp-element-caption\"><strong>TI&nbsp;106 II<\/strong><\/figcaption><\/figure>\n<\/div><\/div>\n<\/div>\n","protected":false},"excerpt":{"rendered":"<p>. RESULTADOS E PR\u00c9MIOS 1.\u00ba CICLO . RESULTADOS DA FASE NACIONAL No dia 8 de julho, na Cerim\u00f3nia de Entrega dos Pr\u00e9mios Nacionais do DIM, durante o ProfMat 2023, que decorreu em Barcelos, foram anunciados os vencedores do concurso para alunos e do concurso para escolas, sendo entregues os respetivos pr\u00e9mios aos alunos e professores&hellip;&nbsp;<a href=\"https:\/\/dim314.apm.pt\/?page_id=670\" rel=\"bookmark\">Ler mais &raquo;<span class=\"screen-reader-text\">1.\u00baCiclo &#8211; abc\/escolar<\/span><\/a><\/p>\n","protected":false},"author":2,"featured_media":0,"parent":0,"menu_order":0,"comment_status":"closed","ping_status":"closed","template":"","meta":{"_eb_attr":"","om_disable_all_campaigns":false,"_monsterinsights_skip_tracking":false,"_monsterinsights_sitenote_active":false,"_monsterinsights_sitenote_note":"","_monsterinsights_sitenote_category":0,"neve_meta_sidebar":"","neve_meta_container":"","neve_meta_enable_content_width":"","neve_meta_content_width":0,"neve_meta_title_alignment":"","neve_meta_author_avatar":"","neve_post_elements_order":"","neve_meta_disable_header":"","neve_meta_disable_footer":"","neve_meta_disable_title":"","footnotes":""},"class_list":["post-670","page","type-page","status-publish","hentry"],"aioseo_notices":[],"_links":{"self":[{"href":"https:\/\/dim314.apm.pt\/index.php?rest_route=\/wp\/v2\/pages\/670","targetHints":{"allow":["GET"]}}],"collection":[{"href":"https:\/\/dim314.apm.pt\/index.php?rest_route=\/wp\/v2\/pages"}],"about":[{"href":"https:\/\/dim314.apm.pt\/index.php?rest_route=\/wp\/v2\/types\/page"}],"author":[{"embeddable":true,"href":"https:\/\/dim314.apm.pt\/index.php?rest_route=\/wp\/v2\/users\/2"}],"replies":[{"embeddable":true,"href":"https:\/\/dim314.apm.pt\/index.php?rest_route=%2Fwp%2Fv2%2Fcomments&post=670"}],"version-history":[{"count":26,"href":"https:\/\/dim314.apm.pt\/index.php?rest_route=\/wp\/v2\/pages\/670\/revisions"}],"predecessor-version":[{"id":2665,"href":"https:\/\/dim314.apm.pt\/index.php?rest_route=\/wp\/v2\/pages\/670\/revisions\/2665"}],"wp:attachment":[{"href":"https:\/\/dim314.apm.pt\/index.php?rest_route=%2Fwp%2Fv2%2Fmedia&parent=670"}],"curies":[{"name":"wp","href":"https:\/\/api.w.org\/{rel}","templated":true}]}}