{"id":118,"date":"2023-01-02T15:44:23","date_gmt":"2023-01-02T15:44:23","guid":{"rendered":"https:\/\/dim314.apm.pt\/?page_id=118"},"modified":"2023-02-23T13:12:05","modified_gmt":"2023-02-23T13:12:05","slug":"alunos","status":"publish","type":"page","link":"https:\/\/dim314.apm.pt\/?page_id=118","title":{"rendered":"para ALUNOS"},"content":{"rendered":"\n<p><\/p>\n\n\n\n<p class=\"has-medium-font-size\"><strong>CONCURSO PARA ALUNOS<\/strong><\/p>\n\n\n\n<figure class=\"wp-block-image size-large\"><img loading=\"lazy\" decoding=\"async\" width=\"1024\" height=\"115\" src=\"https:\/\/dim314.apm.pt\/wp-content\/uploads\/2023\/01\/OQUEEAMATEMATICA-1-1024x115.png\" alt=\"\" class=\"wp-image-235\" srcset=\"https:\/\/dim314.apm.pt\/wp-content\/uploads\/2023\/01\/OQUEEAMATEMATICA-1-1024x115.png 1024w, https:\/\/dim314.apm.pt\/wp-content\/uploads\/2023\/01\/OQUEEAMATEMATICA-1-300x34.png 300w, https:\/\/dim314.apm.pt\/wp-content\/uploads\/2023\/01\/OQUEEAMATEMATICA-1-768x86.png 768w, https:\/\/dim314.apm.pt\/wp-content\/uploads\/2023\/01\/OQUEEAMATEMATICA-1.png 1492w\" sizes=\"auto, (max-width: 1024px) 100vw, 1024px\" \/><\/figure>\n\n\n\n<p class=\"has-text-align-right has-small-font-size\">.<\/p>\n\n\n\n<div class=\"wp-block-columns is-layout-flex wp-container-core-columns-is-layout-9d6595d7 wp-block-columns-is-layout-flex\">\n<div class=\"wp-block-column is-layout-flow wp-block-column-is-layout-flow\">\n<p class=\"has-text-align-right has-medium-font-size\"><strong>ADIADO PRAZO SUBMISS\u00c3O TRABALHOS &#8211; agora<\/strong><\/p>\n<\/div>\n\n\n\n<div class=\"wp-block-column is-layout-flow wp-block-column-is-layout-flow\">\n<p class=\"has-large-font-size\"><strong>at\u00e9 23h59 do DIA 6 DE MAR\u00c7O!<\/strong><\/p>\n<\/div>\n<\/div>\n\n\n\n<p>Este concurso destina-se a\u00a0<strong>crian\u00e7as da Educa\u00e7\u00e3o Pr\u00e9-Escolar e alunos do Ensino B\u00e1sico e do Ensino Secund\u00e1rio do Sistema de Ensino Portugu\u00eas<\/strong>, podendo participar, <strong>individualmente ou em grupo<\/strong>, em diferentes categorias e duas modalidades, mediante o seu n\u00edvel de ensino.<\/p>\n\n\n\n<p>Este concurso tem como principal objetivo proporcionar \u00e0s crian\u00e7as\/alunos a oportunidade de tornarem p\u00fablicas as suas perce\u00e7\u00f5es acerca do que \u00e9 a Matem\u00e1tica.<\/p>\n\n\n\n<p>Descarregar: <a href=\"https:\/\/dim314.apm.pt\/wp-content\/uploads\/2023\/02\/Regulamento_CONCURSO_para_ALUNOS-Projeto-APM-DIM-2023_v2.pdf\" target=\"_blank\" rel=\"noreferrer noopener\">Regulamento<\/a> |  <a rel=\"noreferrer noopener\" href=\"https:\/\/dim314.apm.pt\/wp-content\/uploads\/2023\/01\/Autorizacao-Enc.-Educacao_CONCURSO_para_ALUNOS-Projeto-APM-DIM-2023.pdf\" target=\"_blank\">Autoriza\u00e7\u00e3o EE<\/a><\/p>\n\n\n\n<p>.<\/p>\n\n\n\n<p class=\"has-text-align-center has-medium-font-size\"><strong>REGULAMENTO DO CONCURSO<\/strong><\/p>\n\n\n<p><strong>1. Prop\u00f3sito<\/strong><\/p>\n\n\n<p>Este concurso, inserido nas comemora\u00e7\u00f5es do Dia Internacional da Matem\u00e1tica (DIM), promovidas em Portugal pela Associa\u00e7\u00e3o de Professores de Matem\u00e1tica, visa proporcionar aos alunos dos diferentes n\u00edveis de escolaridade a oportunidade de tornarem p\u00fablicas as suas perce\u00e7\u00f5es acerca do que \u00e9 a Matem\u00e1tica.<\/p>\n\n\n\n<p>Sendo o tema do DIM, para o ano de 2023, \u201cMatem\u00e1tica para todos\u201d (<strong>Mathematics for everyone<\/strong>), ao reunirmos e expormos diferentes perspetivas acerca do que \u00e9 a Matem\u00e1tica, pretendemos celebrar o dia partilhando diferentes vis\u00f5es. O concurso representa uma mais-valia para todos os que nele participarem, mas, tamb\u00e9m, para os que tiverem a oportunidade de apreciar os trabalhos produzidos de modo a constru\u00edrem novas perce\u00e7\u00f5es.<\/p>\n\n\n\n<p>&#8230;<\/p>\n\n\n<p><strong>2. Participantes<\/strong><\/p>\n\n\n<p>O concurso destina-se a crian\u00e7as da Educa\u00e7\u00e3o Pr\u00e9-Escolar e alunos do Ensino B\u00e1sico e do Ensino Secund\u00e1rio do sistema de ensino portugu\u00eas. O concurso desenvolve-se em duas fases: a primeira ao n\u00edvel regional e a segunda ao n\u00edvel nacional. Os concursos regionais <strong>A\u00e7ores, Norte, Centro, Sul <\/strong>e<strong> Madeira<\/strong> ser\u00e3o organizados, respetivamente, pelos n\u00facleos regionais da APM dos A\u00e7ores, Bragan\u00e7a, Coimbra\/Aveiro, \u00c9vora e Madeira. <\/p>\n\n\n\n<p>O concurso est\u00e1 dividido nas seguintes categorias e modalidades.<\/p>\n\n\n\n<div class=\"wp-block-columns is-layout-flex wp-container-core-columns-is-layout-9d6595d7 wp-block-columns-is-layout-flex\">\n<div class=\"wp-block-column is-layout-flow wp-block-column-is-layout-flow\" style=\"flex-basis:100%\"><div class=\"wp-block-image\">\n<figure class=\"aligncenter is-resized\"><img loading=\"lazy\" decoding=\"async\" src=\"https:\/\/dim314.apm.pt\/wp-content\/uploads\/2023\/01\/CATEGORIAS_CONCURSO_ALUNOS-1024x471.jpg\" alt=\"\" class=\"wp-image-264\" width=\"777\" height=\"357\" srcset=\"https:\/\/dim314.apm.pt\/wp-content\/uploads\/2023\/01\/CATEGORIAS_CONCURSO_ALUNOS-1024x471.jpg 1024w, https:\/\/dim314.apm.pt\/wp-content\/uploads\/2023\/01\/CATEGORIAS_CONCURSO_ALUNOS-300x138.jpg 300w, https:\/\/dim314.apm.pt\/wp-content\/uploads\/2023\/01\/CATEGORIAS_CONCURSO_ALUNOS-768x353.jpg 768w, https:\/\/dim314.apm.pt\/wp-content\/uploads\/2023\/01\/CATEGORIAS_CONCURSO_ALUNOS.jpg 1202w\" sizes=\"auto, (max-width: 777px) 100vw, 777px\" \/><\/figure>\n<\/div>\n\n\n<p>&#8230;<\/p>\n<\/div>\n<\/div>\n\n\n<p><strong>3. Normas para participa\u00e7\u00e3o<\/strong><\/p>\n<ul>\n<li>O per\u00edodo para a submiss\u00e3o das candidaturas na plataforma online inicia-se \u00e0s <strong>00:00 do dia 23 de janeiro de 2023 <\/strong>e termina \u00e0s<span style=\"color: #0000ff;\"> <strong>23:59 do dia 6 de mar\u00e7o de 2023 <\/strong><\/span>(horas de Lisboa). A candidatura \u00e9 composta por um boletim online de candidatura, devidamente preenchido, e por um trabalho. Se o produto a concurso for anal\u00f3gico, dever\u00e3o ser submetidas na plataforma fotografias ilustrativas do mesmo.<\/li>\n<li>As candidaturas podem ser individuais ou em grupo (m\u00e1ximo 3 crian\u00e7as\/alunos). Cada candidatura deve ser tutorada por um educador\/professor do n\u00edvel\/ciclo de educa\u00e7\u00e3o\/ensino em que o trabalho se insere. No caso das crian\u00e7as\/alunos com menos de dezoito anos \u00e9 obrigat\u00f3rio a <strong>autoriza\u00e7\u00e3o do respetivo Encarregado de Educa\u00e7\u00e3o<\/strong> que, para todos os efeitos, ser\u00e1 o seu representante legal (declara\u00e7\u00e3o dispon\u00edvel acima).<\/li>\n<li>Os concorrentes s\u00e3o respons\u00e1veis pela originalidade dos trabalhos apresentados, garantindo a respetiva autoria e assumindo toda a responsabilidade decorrente de eventuais reclama\u00e7\u00f5es de terceiros no que diz respeito \u00e0 viola\u00e7\u00e3o de direitos de propriedade intelectual, ou outros que decorram da lei aplic\u00e1vel.<\/li>\n<li>Cada participante ou grupo de participantes de qualquer categoria s\u00f3 pode apresentar uma candidatura, num dos concursos regionais.<\/li>\n<li>Os concorrentes aceitam autorizar os organizadores do concurso, APM, para reproduzir, exibir, comunicar publicamente e partilhar as submiss\u00f5es ao concurso no seu s\u00edtio, redes sociais, materiais impressos e exposi\u00e7\u00f5es, desde que as mesmas sejam exibidas no \u00e2mbito do concurso e em atividades relacionadas com as comemora\u00e7\u00f5es do DIM.<\/li>\n<li>A participa\u00e7\u00e3o no concurso implica a aceita\u00e7\u00e3o de todas e de cada uma das suas regras.<\/li>\n<\/ul>\n<p><!-- \/wp:post-content --><\/p>\n<p><!-- \/wp:list --><\/p>\n<p><!-- \/wp:list-item --><\/p>\n<p><!-- \/wp:list --><\/p>\n<p>&#8230;<\/p>\n<p><strong>4. Apuramento dos vencedores<\/strong><\/p>\n<p><!-- wp:paragraph --><\/p>\n<p><strong>Fase Regional:<\/strong> Cada J\u00fari Regional apurar\u00e1 3 finalistas para a fase nacional, em cada categoria e modalidade, sendo crit\u00e9rios de sele\u00e7\u00e3o a adequa\u00e7\u00e3o do trabalho ao tema do concurso, a criatividade e a originalidade.<\/p>\n<p><strong>Fase Nacional:<\/strong> Dos finalistas regionais, o J\u00fari Nacional apurar\u00e1 o 1.\u00ba, 2.\u00ba e 3.\u00ba classificado em cada categoria e modalidade, seguindo os mesmos crit\u00e9rios da fase regional. Ser\u00e1, ainda, premiado um trabalho, pr\u00e9mio \u201cEscolha de Todos\u201d, atrav\u00e9s de uma Vota\u00e7\u00e3o Online, na p\u00e1gina do evento (<a href=\"https:\/\/dim314.apm.pt\/\">dim314.apm.pt<\/a>).<\/p>\n<p>&#8230;<\/p>\n<p><!-- \/wp:paragraph --><\/p>\n<p><!-- wp:paragraph --><\/p>\n<p><!-- \/wp:paragraph --><\/p>\n<p><strong>5. Pr\u00e9mios<\/strong><\/p>\n<p><!-- wp:paragraph --><\/p>\n<p>Cada categoria e modalidade ter\u00e1 um 1.\u00ba, 2.\u00ba e 3.\u00ba classificado a n\u00edvel nacional. Os pr\u00e9mios ser\u00e3o anunciados oportunamente.<\/p>\n<p><!-- \/wp:paragraph --><\/p>\n<p><!-- wp:paragraph --><\/p>\n<p><strong>Pr\u00e9mios Regionais:<\/strong> A entrega de pr\u00e9mios aos 3 finalistas de cada categoria e modalidade ser\u00e1 efetuada em cada evento regional a 14 de mar\u00e7o de 2023.<\/p>\n<p><!-- \/wp:paragraph --><\/p>\n<p><!-- wp:paragraph --><\/p>\n<p><strong>Pr\u00e9mios Nacionais:<\/strong> A entrega de pr\u00e9mios ser\u00e1 efetuada durante o ProfMat23 em Barcelos, que decorrer\u00e1 nos dias 6, 7 e 8 de julho de 2023, promovendo-se uma exposi\u00e7\u00e3o com trabalhos a concurso, incluindo os apurados para a fase nacional.<\/p>\n<p>&#8230;<\/p>\n<p><!-- \/wp:paragraph --><\/p>\n<p><strong>6. Rejei\u00e7\u00e3o de submiss\u00f5es<\/strong><\/p>\n<p><!-- wp:paragraph --><\/p>\n<p>A organiza\u00e7\u00e3o reserva o direito de rejei\u00e7\u00e3o a concurso os trabalhos cujas caracter\u00edsticas n\u00e3o estejam em conformidade com o tema, que n\u00e3o sejam originais ou que se considerem inadequados.<\/p>\n<p><!-- \/wp:paragraph --><\/p>\n<p><!-- wp:paragraph --><\/p>\n<p>Uma submiss\u00e3o pode ser rejeitada por algum dos seguintes motivos:<\/p>\n<p><!-- \/wp:paragraph --><\/p>\n<p><!-- wp:list --><\/p>\n<ul>\n<li style=\"list-style-type: none;\">\n<ul><!-- wp:list-item --><\/ul>\n<\/li>\n<\/ul>\n<ul>\n<li style=\"list-style-type: none;\">\n<ul>\n<li>n\u00e3o estar de acordo com o tema proposto;<\/li>\n<li>n\u00e3o ser original ou a sua autoria ser question\u00e1vel;<\/li>\n<li>exceder o n\u00famero m\u00e1ximo de submiss\u00f5es por participante;<\/li>\n<li>apresentar conte\u00fados ofensivos, que violem os direitos de propriedade intelectual ou que n\u00e3o estejam de acordo com os regulamentos sobre prote\u00e7\u00e3o de dados pessoais;<\/li>\n<li>conter caracter\u00edsticas de pessoas que possam ser claramente reconhecidas, sem que tenha sido dada autoriza\u00e7\u00e3o para o efeito;<\/li>\n<li>n\u00e3o apresentar a devida <strong>autoriza\u00e7\u00e3o do Encarregado de Educa\u00e7\u00e3o<\/strong> no caso de crian\u00e7as\/alunos com menos de dezoito anos.<\/li>\n<\/ul>\n<\/li>\n<\/ul>\n<p><!-- \/wp:list-item --><\/p>\n<p><!-- wp:list-item --><\/p>\n<ul>\n<li style=\"list-style-type: none;\">&nbsp;<\/li>\n<\/ul>\n<p><!-- \/wp:list-item --><\/p>\n<p><!-- wp:list-item --><\/p>\n<p><!-- \/wp:list-item --><\/p>\n<p><!-- wp:list-item --><\/p>\n<p><!-- \/wp:list-item --><\/p>\n<p><!-- wp:list-item --><\/p>\n<p><!-- \/wp:list-item --><\/p>\n<p><!-- \/wp:list --><\/p>\n<p>&#8230;<\/p>\n<p><strong>7. Disposi\u00e7\u00f5es finais<\/strong><\/p>\n<p><!-- wp:paragraph --><\/p>\n<p>Das decis\u00f5es dos J\u00faris n\u00e3o haver\u00e1 recurso nem reclama\u00e7\u00e3o. Os J\u00faris decidir\u00e3o a respeito de casos omissos.<\/p>\n<p>&#8230;<\/p>\n<p><!-- \/wp:paragraph --><\/p>\n<p><!-- wp:paragraph --><\/p>\n<p>Lisboa, 10 de janeiro de 2023, com altera\u00e7\u00e3o da data de submiss\u00e3o em 20 de fevereiro de 2023<\/p>\n<p><!-- \/wp:paragraph --><\/p>\n<p><!-- wp:paragraph --><\/p>\n<p>A Comiss\u00e3o Organizadora do projeto APM-DIM 2023<\/p>\n<p><!-- \/wp:paragraph --><\/p>\n<p><!-- wp:paragraph --><\/p>\n<p>A Dire\u00e7\u00e3o da Associa\u00e7\u00e3o de Professores de Matem\u00e1tica<\/p>\n<p><!-- \/wp:paragraph --><\/p>","protected":false},"excerpt":{"rendered":"<p>CONCURSO PARA ALUNOS . ADIADO PRAZO SUBMISS\u00c3O TRABALHOS &#8211; agora at\u00e9 23h59 do DIA 6 DE MAR\u00c7O! Este concurso destina-se a\u00a0crian\u00e7as da Educa\u00e7\u00e3o Pr\u00e9-Escolar e alunos do Ensino B\u00e1sico e do Ensino Secund\u00e1rio do Sistema de Ensino Portugu\u00eas, podendo participar, individualmente ou em grupo, em diferentes categorias e duas modalidades, mediante o seu n\u00edvel de&hellip;&nbsp;<a href=\"https:\/\/dim314.apm.pt\/?page_id=118\" rel=\"bookmark\">Ler mais &raquo;<span class=\"screen-reader-text\">para ALUNOS<\/span><\/a><\/p>\n","protected":false},"author":2,"featured_media":0,"parent":0,"menu_order":0,"comment_status":"closed","ping_status":"closed","template":"","meta":{"_eb_attr":"","om_disable_all_campaigns":false,"_monsterinsights_skip_tracking":false,"_monsterinsights_sitenote_active":false,"_monsterinsights_sitenote_note":"","_monsterinsights_sitenote_category":0,"neve_meta_sidebar":"","neve_meta_container":"","neve_meta_enable_content_width":"","neve_meta_content_width":0,"neve_meta_title_alignment":"","neve_meta_author_avatar":"","neve_post_elements_order":"","neve_meta_disable_header":"","neve_meta_disable_footer":"","neve_meta_disable_title":"","footnotes":""},"class_list":["post-118","page","type-page","status-publish","hentry"],"aioseo_notices":[],"_links":{"self":[{"href":"https:\/\/dim314.apm.pt\/index.php?rest_route=\/wp\/v2\/pages\/118","targetHints":{"allow":["GET"]}}],"collection":[{"href":"https:\/\/dim314.apm.pt\/index.php?rest_route=\/wp\/v2\/pages"}],"about":[{"href":"https:\/\/dim314.apm.pt\/index.php?rest_route=\/wp\/v2\/types\/page"}],"author":[{"embeddable":true,"href":"https:\/\/dim314.apm.pt\/index.php?rest_route=\/wp\/v2\/users\/2"}],"replies":[{"embeddable":true,"href":"https:\/\/dim314.apm.pt\/index.php?rest_route=%2Fwp%2Fv2%2Fcomments&post=118"}],"version-history":[{"count":31,"href":"https:\/\/dim314.apm.pt\/index.php?rest_route=\/wp\/v2\/pages\/118\/revisions"}],"predecessor-version":[{"id":985,"href":"https:\/\/dim314.apm.pt\/index.php?rest_route=\/wp\/v2\/pages\/118\/revisions\/985"}],"wp:attachment":[{"href":"https:\/\/dim314.apm.pt\/index.php?rest_route=%2Fwp%2Fv2%2Fmedia&parent=118"}],"curies":[{"name":"wp","href":"https:\/\/api.w.org\/{rel}","templated":true}]}}